{"id":110940,"date":"2022-05-25T11:26:21","date_gmt":"2022-05-25T09:26:21","guid":{"rendered":"https:\/\/www.economiacircularcastellon.com\/inscripcio\/"},"modified":"2023-05-16T12:26:25","modified_gmt":"2023-05-16T10:26:25","slug":"inscripcio","status":"publish","type":"page","link":"https:\/\/www.economiacircularcastellon.com\/ca\/inscripcio\/","title":{"rendered":"Inscripci\u00f3"},"content":{"rendered":"<section class=\"wpb-content-wrapper\"><p>[vc_row][vc_column width=&#8221;1\/1&#8243;][vc_column_text uncode_shortcode_id=&#8221;172683&#8243;]<\/p>\n<h2 style=\"text-align: center;\">Seleccione el model d&#8217;inscripci\u00f3.<\/h2>\n<h3 style=\"text-align: center;\">Ja \u00e9s ac\u00ed el Congr\u00e9s d&#8217;Economia Circular de Castell\u00f3 obri les seues portes el pr\u00f2xim dia 7 de juny.<\/h3>\n<p>[\/vc_column_text][\/vc_column][\/vc_row][vc_row][vc_column width=&#8221;1\/2&#8243;][vc_button wide=&#8221;yes&#8221; border_width=&#8221;0&#8243; uncode_shortcode_id=&#8221;779844&#8243; el_id=&#8221;btn-empresa&#8221;]PIME \/ AUT\u00d2NOMS[\/vc_button][\/vc_column][vc_column width=&#8221;1\/2&#8243;][vc_button wide=&#8221;yes&#8221; border_width=&#8221;0&#8243; uncode_shortcode_id=&#8221;676443&#8243; el_id=&#8221;btn-particular&#8221;]ALTRES[\/vc_button][\/vc_column][\/vc_row][vc_row row_height_percent=&#8221;0&#8243; overlay_alpha=&#8221;50&#8243; gutter_size=&#8221;3&#8243; column_width_percent=&#8221;100&#8243; shift_y=&#8221;0&#8243; z_index=&#8221;0&#8243; uncode_shortcode_id=&#8221;447529&#8243; el_id=&#8221;container-form-particulares&#8221;][vc_column width=&#8221;1\/1&#8243;][vc_custom_heading uncode_shortcode_id=&#8221;113351&#8243;]<\/p>\n<h3><span style=\"color: #d63a2e;\">Formulari d&#8217;inscripci\u00f3 uns altres<\/span><\/h3>\n<p>[\/vc_custom_heading]\n<div class=\"wpcf7 no-js\" id=\"wpcf7-f110938-o1\" lang=\"ca\" dir=\"ltr\">\n<div class=\"screen-reader-response\"><p role=\"status\" aria-live=\"polite\" aria-atomic=\"true\"><\/p> <ul><\/ul><\/div>\n<form action=\"\/ca\/wp-json\/wp\/v2\/pages\/110940#wpcf7-f110938-o1\" method=\"post\" class=\"wpcf7-form init\" aria-label=\"Formulari de contacte\" novalidate=\"novalidate\" data-status=\"init\">\n<div style=\"display: none;\">\n<input type=\"hidden\" name=\"_wpcf7\" value=\"110938\" \/>\n<input type=\"hidden\" name=\"_wpcf7_version\" value=\"5.7.7\" \/>\n<input type=\"hidden\" name=\"_wpcf7_locale\" value=\"ca\" \/>\n<input type=\"hidden\" name=\"_wpcf7_unit_tag\" value=\"wpcf7-f110938-o1\" \/>\n<input type=\"hidden\" name=\"_wpcf7_container_post\" value=\"0\" \/>\n<input type=\"hidden\" name=\"_wpcf7_posted_data_hash\" value=\"\" \/>\n<\/div>\n<input class=\"wpcf7-form-control wpcf7-hidden\" value=\"\" type=\"hidden\" name=\"ide\" \/>\n<div class=\"col-container\">\n\t<p><label class=\"col-a\"> Nom <span class=\"wpcf7-form-control-wrap\" data-name=\"nombre\"><input size=\"40\" class=\"wpcf7-form-control wpcf7-text wpcf7-validates-as-required\" id=\"campo-nombre\" aria-required=\"true\" aria-invalid=\"false\" value=\"\" type=\"text\" name=\"nombre\" \/><\/span><\/label><label class=\"col-b\"> Cognoms <span class=\"wpcf7-form-control-wrap\" data-name=\"apellidos\"><input size=\"40\" class=\"wpcf7-form-control wpcf7-text wpcf7-validates-as-required\" aria-required=\"true\" aria-invalid=\"false\" value=\"\" type=\"text\" name=\"apellidos\" \/><\/span> <\/label><label class=\"col-c\"> DNI <span class=\"wpcf7-form-control-wrap\" data-name=\"dni\"><input size=\"40\" class=\"wpcf7-form-control wpcf7-text\" aria-invalid=\"false\" value=\"\" type=\"text\" name=\"dni\" \/><\/span> <\/label><label class=\"col-a\"> E-mail <span class=\"wpcf7-form-control-wrap\" data-name=\"email\"><input size=\"40\" class=\"wpcf7-form-control wpcf7-text wpcf7-validates-as-required\" aria-required=\"true\" aria-invalid=\"false\" value=\"\" type=\"text\" name=\"email\" \/><\/span> <\/label><label class=\"col-b\"> Tel\u00e8fon <span class=\"wpcf7-form-control-wrap\" data-name=\"telefono\"><input size=\"40\" class=\"wpcf7-form-control wpcf7-text\" aria-invalid=\"false\" value=\"\" type=\"text\" name=\"telefono\" \/><\/span> <\/label><label class=\"col-c\"> Entitat <span class=\"wpcf7-form-control-wrap\" data-name=\"entidad\"><input size=\"40\" class=\"wpcf7-form-control wpcf7-text\" aria-invalid=\"false\" value=\"\" type=\"text\" name=\"entidad\" \/><\/span> <\/label>\n\t<\/p>\n<\/div>\n<p><span class=\"wpcf7-form-control-wrap\" data-name=\"privacidad\"><span class=\"wpcf7-form-control wpcf7-checkbox wpcf7-validates-as-required\"><span class=\"wpcf7-list-item first last\"><label><input type=\"checkbox\" name=\"privacidad[]\" value=\"Declare que he llegit i accepte el contingut de la cl\u00e0usula informativa\" \/><span class=\"wpcf7-list-item-label\">Declare que he llegit i accepte el contingut de la cl\u00e0usula informativa<\/span><\/label><\/span><\/span><\/span><br \/>\n<span class=\"wpcf7-form-control-wrap\" data-name=\"comunicaciones\"><span class=\"wpcf7-form-control wpcf7-checkbox wpcf7-validates-as-required wpcf7-exclusive-checkbox\"><span class=\"wpcf7-list-item first\"><label><input type=\"checkbox\" name=\"comunicaciones\" value=\"SI\" \/><span class=\"wpcf7-list-item-label\">SI<\/span><\/label><\/span><span class=\"wpcf7-list-item last\"><label><input type=\"checkbox\" name=\"comunicaciones\" value=\"NO\" \/><span class=\"wpcf7-list-item-label\">NO<\/span><\/label><\/span><\/span><\/span>Accepte rebre comunicacions de la Cambra de Comer\u00e7 de Castell\u00f3\n<\/p>\n<div style=\"text-align:right\">\n\t<p><input class=\"wpcf7-form-control has-spinner wpcf7-submit\" type=\"submit\" value=\"Enviar\" \/>\n\t<\/p>\n<\/div>\n<p class=\"form-txt-privacidad\"><br \/>\nConforme a la Llei org\u00e0nica 3\/2018, de 5 de desembre, de Protecci\u00f3 de Dades Personals i garantia dels drets digitals i al Reglament (UE) 2016\/679 del Parlament Europeu i del Consell de 27 d'abril de 2016, les dades personals facilitades, seran tractats per CAMBRA DE COMER\u00c7, IND\u00daSTRIA, SERVEIS I NAVEGACI\u00d3 DE CASTELL\u00d3, CIF Q1273001F i domicili en Av. Germans Bou 79, 12003 Castell\u00f3 amb la finalitat de gestionar la seua sol\u00b7licitud. L'informem que les dades recollides en el formulari d'inscripci\u00f3 seran cedits a les entitats col\u00b7laboradores\/patrocinadores Cambres Comunitat Valenciana i IVACE. Pot exercitar els drets d'acc\u00e9s, rectificaci\u00f3, supressi\u00f3, oposici\u00f3, portabilitat i limitaci\u00f3 al tractament de les seues dades personals mitjan\u00e7ant sol\u00b7licitud a l'adre\u00e7a a dalt indicada, adjuntant c\u00f2pia de document identificatiu en vigor o enviant un correu a protecciondedatos@camaracastellon.com.\n<\/p><div class=\"wpcf7-response-output\" aria-hidden=\"true\"><\/div>\n<\/form>\n<\/div>\n[\/vc_column][\/vc_row][vc_row row_height_percent=&#8221;0&#8243; overlay_alpha=&#8221;50&#8243; gutter_size=&#8221;3&#8243; column_width_percent=&#8221;100&#8243; shift_y=&#8221;0&#8243; z_index=&#8221;0&#8243; uncode_shortcode_id=&#8221;176270&#8243; el_id=&#8221;container-form-empresas&#8221;][vc_column width=&#8221;1\/1&#8243;][vc_custom_heading uncode_shortcode_id=&#8221;165743&#8243;]<\/p>\n<h3><span style=\"color: #d63a2e;\">Formulari d&#8217;inscripci\u00f3 per a empreses<\/span><\/h3>\n<p>[\/vc_custom_heading]\n<div class=\"wpcf7 no-js\" id=\"wpcf7-f110943-o2\" lang=\"ca\" dir=\"ltr\">\n<div class=\"screen-reader-response\"><p role=\"status\" aria-live=\"polite\" aria-atomic=\"true\"><\/p> <ul><\/ul><\/div>\n<form action=\"\/ca\/wp-json\/wp\/v2\/pages\/110940#wpcf7-f110943-o2\" method=\"post\" class=\"wpcf7-form init\" aria-label=\"Formulari de contacte\" novalidate=\"novalidate\" data-status=\"init\">\n<div style=\"display: none;\">\n<input type=\"hidden\" name=\"_wpcf7\" value=\"110943\" \/>\n<input type=\"hidden\" name=\"_wpcf7_version\" value=\"5.7.7\" \/>\n<input type=\"hidden\" name=\"_wpcf7_locale\" value=\"ca\" \/>\n<input type=\"hidden\" name=\"_wpcf7_unit_tag\" value=\"wpcf7-f110943-o2\" \/>\n<input type=\"hidden\" name=\"_wpcf7_container_post\" value=\"0\" \/>\n<input type=\"hidden\" name=\"_wpcf7_posted_data_hash\" value=\"\" \/>\n<\/div>\n<input class=\"wpcf7-form-control wpcf7-hidden\" value=\"\" type=\"hidden\" name=\"ide\" \/>\n<h3>Dades de l'empresa\n<\/h3>\n<div class=\"col-container\">\n\t<p><label class=\"col-a\"> Ra\u00f3 social <span class=\"wpcf7-form-control-wrap\" data-name=\"empresa_razon_social\"><input size=\"40\" class=\"wpcf7-form-control wpcf7-text wpcf7-validates-as-required\" aria-required=\"true\" aria-invalid=\"false\" value=\"\" type=\"text\" name=\"empresa_razon_social\" \/><\/span><\/label><label class=\"col-b\"> CIF <span class=\"wpcf7-form-control-wrap\" data-name=\"empresa_cif\"><input size=\"40\" class=\"wpcf7-form-control wpcf7-text\" aria-invalid=\"false\" value=\"\" type=\"text\" name=\"empresa_cif\" \/><\/span> <\/label><label class=\"col-c\"> Tel\u00e8fon <span class=\"wpcf7-form-control-wrap\" data-name=\"empresa_telefono\"><input size=\"40\" class=\"wpcf7-form-control wpcf7-text\" aria-invalid=\"false\" value=\"\" type=\"text\" name=\"empresa_telefono\" \/><\/span> <\/label><label class=\"col-a\"> Adre\u00e7a <span class=\"wpcf7-form-control-wrap\" data-name=\"empresa_direccion\"><input size=\"40\" class=\"wpcf7-form-control wpcf7-text\" aria-invalid=\"false\" value=\"\" type=\"text\" name=\"empresa_direccion\" \/><\/span> <\/label><label class=\"col-b\"> CP <span class=\"wpcf7-form-control-wrap\" data-name=\"empresa_cp\"><input size=\"40\" class=\"wpcf7-form-control wpcf7-text\" aria-invalid=\"false\" value=\"\" type=\"text\" name=\"empresa_cp\" \/><\/span> <\/label><label class=\"col-c\"> Web <span class=\"wpcf7-form-control-wrap\" data-name=\"empresa_web\"><input size=\"40\" class=\"wpcf7-form-control wpcf7-text\" aria-invalid=\"false\" value=\"\" type=\"text\" name=\"empresa_web\" \/><\/span> <\/label><br \/>\n<label class=\"col-a\"> Sector <span class=\"wpcf7-form-control-wrap\" data-name=\"empresa_sector\"><input size=\"40\" class=\"wpcf7-form-control wpcf7-text\" aria-invalid=\"false\" value=\"\" type=\"text\" name=\"empresa_sector\" \/><\/span> <\/label><label class=\"col-full\"> \u00c9s una PIME?: <span class=\"wpcf7-form-control-wrap\" data-name=\"empresa_espyme\"><select class=\"wpcf7-form-control wpcf7-select\" aria-invalid=\"false\" name=\"empresa_espyme\"><option value=\"\">&#8212;Trieu una opci\u00f3&#8212;<\/option><option value=\"Si\">Si<\/option><option value=\"No\">No<\/option><\/select><\/span><\/label><label class=\"col-full\"> Exporta: <span class=\"wpcf7-form-control-wrap\" data-name=\"empresa_exporta\"><select class=\"wpcf7-form-control wpcf7-select\" aria-invalid=\"false\" name=\"empresa_exporta\"><option value=\"\">&#8212;Trieu una opci\u00f3&#8212;<\/option><option value=\"Si\">Si<\/option><option value=\"No\">No<\/option><\/select><\/span><\/label>\n\t<\/p>\n<\/div>\n<h3>Dades de l'assistent\n<\/h3>\n<div class=\"col-container\">\n\t<p><label class=\"col-a\"> Nom <span class=\"wpcf7-form-control-wrap\" data-name=\"nombre\"><input size=\"40\" class=\"wpcf7-form-control wpcf7-text wpcf7-validates-as-required\" id=\"campo-nombre\" aria-required=\"true\" aria-invalid=\"false\" value=\"\" type=\"text\" name=\"nombre\" \/><\/span><\/label><label class=\"col-b\"> Cognoms <span class=\"wpcf7-form-control-wrap\" data-name=\"apellidos\"><input size=\"40\" class=\"wpcf7-form-control wpcf7-text wpcf7-validates-as-required\" aria-required=\"true\" aria-invalid=\"false\" value=\"\" type=\"text\" name=\"apellidos\" \/><\/span> <\/label><label class=\"col-c\"> DNI <span class=\"wpcf7-form-control-wrap\" data-name=\"dni\"><input size=\"40\" class=\"wpcf7-form-control wpcf7-text\" aria-invalid=\"false\" value=\"\" type=\"text\" name=\"dni\" \/><\/span> <\/label><label class=\"col-a\"> E-mail <span class=\"wpcf7-form-control-wrap\" data-name=\"email\"><input size=\"40\" class=\"wpcf7-form-control wpcf7-text wpcf7-validates-as-required\" aria-required=\"true\" aria-invalid=\"false\" value=\"\" type=\"text\" name=\"email\" \/><\/span> <\/label><label class=\"col-b\"> Tel\u00e8fon <span class=\"wpcf7-form-control-wrap\" data-name=\"telefono\"><input size=\"40\" class=\"wpcf7-form-control wpcf7-text\" aria-invalid=\"false\" value=\"\" type=\"text\" name=\"telefono\" \/><\/span> <\/label><label class=\"col-c\"> C\u00e0rrec <span class=\"wpcf7-form-control-wrap\" data-name=\"empresa_cargo\"><input size=\"40\" class=\"wpcf7-form-control wpcf7-text\" aria-invalid=\"false\" value=\"\" type=\"text\" name=\"empresa_cargo\" \/><\/span> <\/label>\n\t<\/p>\n<\/div>\n<p><span class=\"wpcf7-form-control-wrap\" data-name=\"privacidad\"><span class=\"wpcf7-form-control wpcf7-checkbox wpcf7-validates-as-required\"><span class=\"wpcf7-list-item first last\"><label><input type=\"checkbox\" name=\"privacidad[]\" value=\"Declare que he llegit i accepte el contingut de la cl\u00e0usula informativa\" \/><span class=\"wpcf7-list-item-label\">Declare que he llegit i accepte el contingut de la cl\u00e0usula informativa<\/span><\/label><\/span><\/span><\/span><br \/>\n<span class=\"wpcf7-form-control-wrap\" data-name=\"comunicaciones\"><span class=\"wpcf7-form-control wpcf7-checkbox wpcf7-validates-as-required wpcf7-exclusive-checkbox\"><span class=\"wpcf7-list-item first\"><label><input type=\"checkbox\" name=\"comunicaciones\" value=\"SI\" \/><span class=\"wpcf7-list-item-label\">SI<\/span><\/label><\/span><span class=\"wpcf7-list-item last\"><label><input type=\"checkbox\" name=\"comunicaciones\" value=\"NO\" \/><span class=\"wpcf7-list-item-label\">NO<\/span><\/label><\/span><\/span><\/span>Accepte rebre comunicacions de la Cambra de Comer\u00e7 de Castell\u00f3\n<\/p>\n<div style=\"text-align:right\">\n\t<p><input class=\"wpcf7-form-control has-spinner wpcf7-submit\" type=\"submit\" value=\"Enviar\" \/>\n\t<\/p>\n<\/div>\n<p class=\"form-txt-privacidad\"><br \/>\nConforme a la Llei org\u00e0nica 3\/2018, de 5 de desembre, de Protecci\u00f3 de Dades Personals i garantia dels drets digitals i al Reglament (UE) 2016\/679 del Parlament Europeu i del Consell de 27 d'abril de 2016, les dades personals facilitades, seran tractats per CAMBRA DE COMER\u00c7, IND\u00daSTRIA, SERVEIS I NAVEGACI\u00d3 DE CASTELL\u00d3, CIF Q1273001F i domicili en Av. Germans Bou 79, 12003 Castell\u00f3 amb la finalitat de gestionar la seua sol\u00b7licitud. L'informem que les dades recollides en el formulari d'inscripci\u00f3 seran cedits a les entitats col\u00b7laboradores\/patrocinadores Cambres Comunitat Valenciana i IVACE. Pot exercitar els drets d'acc\u00e9s, rectificaci\u00f3, supressi\u00f3, oposici\u00f3, portabilitat i limitaci\u00f3 al tractament de les seues dades personals mitjan\u00e7ant sol\u00b7licitud a l'adre\u00e7a a dalt indicada, adjuntant c\u00f2pia de document identificatiu en vigor o enviant un correu a protecciondedatos@camaracastellon.com.\n<\/p><div class=\"wpcf7-response-output\" aria-hidden=\"true\"><\/div>\n<\/form>\n<\/div>\n[\/vc_column][\/vc_row][vc_row row_height_percent=&#8221;0&#8243; back_color=&#8221;color-xsdn&#8221; overlay_alpha=&#8221;50&#8243; gutter_size=&#8221;3&#8243; column_width_percent=&#8221;100&#8243; shift_y=&#8221;0&#8243; z_index=&#8221;0&#8243; uncode_shortcode_id=&#8221;211472&#8243; back_color_type=&#8221;uncode-palette&#8221;][vc_column column_width_percent=&#8221;100&#8243; position_vertical=&#8221;middle&#8221; align_horizontal=&#8221;align_center&#8221; gutter_size=&#8221;3&#8243; overlay_alpha=&#8221;50&#8243; shift_x=&#8221;0&#8243; shift_y=&#8221;0&#8243; shift_y_down=&#8221;0&#8243; z_index=&#8221;0&#8243; medium_width=&#8221;0&#8243; mobile_width=&#8221;0&#8243; width=&#8221;1\/1&#8243; uncode_shortcode_id=&#8221;141722&#8243;][vc_custom_heading text_color=&#8221;color-139015&#8243; text_weight=&#8221;300&#8243; uncode_shortcode_id=&#8221;977400&#8243; text_color_type=&#8221;uncode-palette&#8221;]Aquest esdeveniment ha sigut possible gr\u00e0cies a la col\u00b7laboraci\u00f3 de:[\/vc_custom_heading][vc_single_image media=&#8221;111673&#8243; media_width_percent=&#8221;100&#8243; uncode_shortcode_id=&#8221;205935&#8243;][\/vc_column][\/vc_row]<\/p>\n<\/section>","protected":false},"excerpt":{"rendered":"<p>[vc_row][vc_column width=&#8221;1\/1&#8243;][vc_column_text uncode_shortcode_id=&#8221;172683&#8243;] Seleccione el model d&#8217;inscripci\u00f3. Ja \u00e9s ac\u00ed el Congr\u00e9s d&#8217;Economia Circular de Castell\u00f3 obri les seues portes [&hellip;]<\/p>\n","protected":false},"author":1,"featured_media":0,"parent":0,"menu_order":0,"comment_status":"closed","ping_status":"closed","template":"","meta":{"footnotes":""},"class_list":["post-110940","page","type-page","status-publish","hentry"],"yoast_head":"<!-- This site is optimized with the Yoast SEO plugin v20.9 - https:\/\/yoast.com\/wordpress\/plugins\/seo\/ -->\n<title>Inscripci\u00f3 - Econom\u00eda Circular Castell\u00f3n<\/title>\n<meta name=\"robots\" content=\"index, follow, max-snippet:-1, max-image-preview:large, max-video-preview:-1\" \/>\n<link rel=\"canonical\" href=\"https:\/\/www.economiacircularcastellon.com\/ca\/inscripcio\/\" \/>\n<meta property=\"og:locale\" content=\"ca_ES\" \/>\n<meta property=\"og:type\" content=\"article\" \/>\n<meta property=\"og:title\" content=\"Inscripci\u00f3 - Econom\u00eda Circular Castell\u00f3n\" \/>\n<meta property=\"og:description\" content=\"[vc_row][vc_column width=&#8221;1\/1&#8243;][vc_column_text uncode_shortcode_id=&#8221;172683&#8243;] Seleccione el model d&#8217;inscripci\u00f3. Ja \u00e9s ac\u00ed el Congr\u00e9s d&#8217;Economia Circular de Castell\u00f3 obri les seues portes [&hellip;]\" \/>\n<meta property=\"og:url\" content=\"https:\/\/www.economiacircularcastellon.com\/ca\/inscripcio\/\" \/>\n<meta property=\"og:site_name\" content=\"Econom\u00eda Circular Castell\u00f3n\" \/>\n<meta property=\"article:modified_time\" content=\"2023-05-16T10:26:25+00:00\" \/>\n<meta name=\"twitter:card\" content=\"summary_large_image\" \/>\n<meta name=\"twitter:label1\" content=\"Temps estimat de lectura\" \/>\n\t<meta name=\"twitter:data1\" content=\"1 minut\" \/>\n<script type=\"application\/ld+json\" class=\"yoast-schema-graph\">{\"@context\":\"https:\/\/schema.org\",\"@graph\":[{\"@type\":\"WebPage\",\"@id\":\"https:\/\/www.economiacircularcastellon.com\/ca\/inscripcio\/\",\"url\":\"https:\/\/www.economiacircularcastellon.com\/ca\/inscripcio\/\",\"name\":\"Inscripci\u00f3 - Econom\u00eda Circular Castell\u00f3n\",\"isPartOf\":{\"@id\":\"https:\/\/www.economiacircularcastellon.com\/ca\/#website\"},\"datePublished\":\"2022-05-25T09:26:21+00:00\",\"dateModified\":\"2023-05-16T10:26:25+00:00\",\"breadcrumb\":{\"@id\":\"https:\/\/www.economiacircularcastellon.com\/ca\/inscripcio\/#breadcrumb\"},\"inLanguage\":\"ca\",\"potentialAction\":[{\"@type\":\"ReadAction\",\"target\":[\"https:\/\/www.economiacircularcastellon.com\/ca\/inscripcio\/\"]}]},{\"@type\":\"BreadcrumbList\",\"@id\":\"https:\/\/www.economiacircularcastellon.com\/ca\/inscripcio\/#breadcrumb\",\"itemListElement\":[{\"@type\":\"ListItem\",\"position\":1,\"name\":\"Portada\",\"item\":\"https:\/\/www.economiacircularcastellon.com\/ca\/\"},{\"@type\":\"ListItem\",\"position\":2,\"name\":\"Inscripci\u00f3\"}]},{\"@type\":\"WebSite\",\"@id\":\"https:\/\/www.economiacircularcastellon.com\/ca\/#website\",\"url\":\"https:\/\/www.economiacircularcastellon.com\/ca\/\",\"name\":\"Econom\u00eda Circular Castell\u00f3n\",\"description\":\"II Congreso de Econom\u00eda Circular en Castell\u00f3n\",\"potentialAction\":[{\"@type\":\"SearchAction\",\"target\":{\"@type\":\"EntryPoint\",\"urlTemplate\":\"https:\/\/www.economiacircularcastellon.com\/ca\/?s={search_term_string}\"},\"query-input\":\"required name=search_term_string\"}],\"inLanguage\":\"ca\"}]}<\/script>\n<!-- \/ Yoast SEO plugin. -->","yoast_head_json":{"title":"Inscripci\u00f3 - Econom\u00eda Circular Castell\u00f3n","robots":{"index":"index","follow":"follow","max-snippet":"max-snippet:-1","max-image-preview":"max-image-preview:large","max-video-preview":"max-video-preview:-1"},"canonical":"https:\/\/www.economiacircularcastellon.com\/ca\/inscripcio\/","og_locale":"ca_ES","og_type":"article","og_title":"Inscripci\u00f3 - Econom\u00eda Circular Castell\u00f3n","og_description":"[vc_row][vc_column width=&#8221;1\/1&#8243;][vc_column_text uncode_shortcode_id=&#8221;172683&#8243;] Seleccione el model d&#8217;inscripci\u00f3. Ja \u00e9s ac\u00ed el Congr\u00e9s d&#8217;Economia Circular de Castell\u00f3 obri les seues portes [&hellip;]","og_url":"https:\/\/www.economiacircularcastellon.com\/ca\/inscripcio\/","og_site_name":"Econom\u00eda Circular Castell\u00f3n","article_modified_time":"2023-05-16T10:26:25+00:00","twitter_card":"summary_large_image","twitter_misc":{"Temps estimat de lectura":"1 minut"},"schema":{"@context":"https:\/\/schema.org","@graph":[{"@type":"WebPage","@id":"https:\/\/www.economiacircularcastellon.com\/ca\/inscripcio\/","url":"https:\/\/www.economiacircularcastellon.com\/ca\/inscripcio\/","name":"Inscripci\u00f3 - Econom\u00eda Circular Castell\u00f3n","isPartOf":{"@id":"https:\/\/www.economiacircularcastellon.com\/ca\/#website"},"datePublished":"2022-05-25T09:26:21+00:00","dateModified":"2023-05-16T10:26:25+00:00","breadcrumb":{"@id":"https:\/\/www.economiacircularcastellon.com\/ca\/inscripcio\/#breadcrumb"},"inLanguage":"ca","potentialAction":[{"@type":"ReadAction","target":["https:\/\/www.economiacircularcastellon.com\/ca\/inscripcio\/"]}]},{"@type":"BreadcrumbList","@id":"https:\/\/www.economiacircularcastellon.com\/ca\/inscripcio\/#breadcrumb","itemListElement":[{"@type":"ListItem","position":1,"name":"Portada","item":"https:\/\/www.economiacircularcastellon.com\/ca\/"},{"@type":"ListItem","position":2,"name":"Inscripci\u00f3"}]},{"@type":"WebSite","@id":"https:\/\/www.economiacircularcastellon.com\/ca\/#website","url":"https:\/\/www.economiacircularcastellon.com\/ca\/","name":"Econom\u00eda Circular Castell\u00f3n","description":"II Congreso de Econom\u00eda Circular en Castell\u00f3n","potentialAction":[{"@type":"SearchAction","target":{"@type":"EntryPoint","urlTemplate":"https:\/\/www.economiacircularcastellon.com\/ca\/?s={search_term_string}"},"query-input":"required name=search_term_string"}],"inLanguage":"ca"}]}},"_links":{"self":[{"href":"https:\/\/www.economiacircularcastellon.com\/ca\/wp-json\/wp\/v2\/pages\/110940","targetHints":{"allow":["GET"]}}],"collection":[{"href":"https:\/\/www.economiacircularcastellon.com\/ca\/wp-json\/wp\/v2\/pages"}],"about":[{"href":"https:\/\/www.economiacircularcastellon.com\/ca\/wp-json\/wp\/v2\/types\/page"}],"author":[{"embeddable":true,"href":"https:\/\/www.economiacircularcastellon.com\/ca\/wp-json\/wp\/v2\/users\/1"}],"replies":[{"embeddable":true,"href":"https:\/\/www.economiacircularcastellon.com\/ca\/wp-json\/wp\/v2\/comments?post=110940"}],"version-history":[{"count":21,"href":"https:\/\/www.economiacircularcastellon.com\/ca\/wp-json\/wp\/v2\/pages\/110940\/revisions"}],"predecessor-version":[{"id":112133,"href":"https:\/\/www.economiacircularcastellon.com\/ca\/wp-json\/wp\/v2\/pages\/110940\/revisions\/112133"}],"wp:attachment":[{"href":"https:\/\/www.economiacircularcastellon.com\/ca\/wp-json\/wp\/v2\/media?parent=110940"}],"curies":[{"name":"wp","href":"https:\/\/api.w.org\/{rel}","templated":true}]}}